{"id":772,"date":"2021-01-06T14:40:57","date_gmt":"2021-01-06T12:40:57","guid":{"rendered":"http:\/\/muriellebressoud.ch\/?page_id=772"},"modified":"2021-09-13T14:20:21","modified_gmt":"2021-09-13T12:20:21","slug":"depression-perinatale","status":"publish","type":"page","link":"https:\/\/muriellebressoud.ch\/?page_id=772","title":{"rendered":"D\u00e9pression p\u00e9rinatale"},"content":{"rendered":"\n<div class=\"wp-block-group\"><div class=\"wp-block-group__inner-container is-layout-flow wp-block-group-is-layout-flow\">\n<p class=\"wp-block-paragraph\">Voici quelques informations et r\u00e9f\u00e9rences \u00e0 propos de la d\u00e9pression p\u00e9rinatale. <\/p>\n\n\n\n<p class=\"wp-block-paragraph\">On confond parfois le<strong> baby blues <\/strong>et la <strong>d\u00e9pression p\u00e9rinatale <\/strong> :<\/p>\n\n\n\n<div class=\"wp-block-group\"><div class=\"wp-block-group__inner-container is-layout-flow wp-block-group-is-layout-flow\">\n<ul class=\"wp-block-list\"><li>Le <strong>baby blues<\/strong> (humeur changeante, tristesse, envie de pleurer, grande fatigue, sentiment d&rsquo;\u00eatre incapable) <strong> est une phase normale<\/strong>, qui appara\u00eet g\u00e9n\u00e9ralement dans les 3 jours apr\u00e8s la naissance du b\u00e9b\u00e9 et touche environ 50% des mamans. La maman a besoin de se reposer, d&rsquo;\u00eatre d\u00e9charg\u00e9e au niveau de ses t\u00e2ches et d&rsquo;\u00eatre rassur\u00e9e. <strong>Si les sympt\u00f4mes persistent au-del\u00e0 de deux semaines, il est important d&rsquo;en parler \u00e0 votre sage-femme.<\/strong> <\/li><\/ul>\n<\/div><\/div>\n\n\n\n<div class=\"wp-block-group\"><div class=\"wp-block-group__inner-container is-layout-flow wp-block-group-is-layout-flow\">\n<ul class=\"wp-block-list\"><li>La <strong>d\u00e9pression p\u00e9rinatale <\/strong>est elle aussi fr\u00e9quente, mais contrairement au baby blues, elle <strong>n\u00e9cessite une prise en charge<\/strong>. Il s&rsquo;agit  d&rsquo;une maladie qui touche 20% des mamans pendant la grossesse et 17% des mamans apr\u00e8s l&rsquo;accouchement. Il y a un pic de d\u00e9pression 3 mois apr\u00e8s la naissance du b\u00e9b\u00e9, mais la d\u00e9pression peut appara\u00eetre jusqu&rsquo;\u00e0 une ann\u00e9e et demie apr\u00e8s la naissance. Elle se manifeste par les sympt\u00f4mes suivants : insomnie ou hypersomnie, anxi\u00e9t\u00e9, irritabilit\u00e9, tristesse, pleurs, perte d&rsquo;\u00e9nergie, perte de la sensation de plaisir, sentiment d&rsquo;\u00eatre d\u00e9pass\u00e9e, sentiment d&rsquo;\u00eatre une mauvaise m\u00e8re, sentiment de honte et culpabilit\u00e9 excessive. <strong>Si vous souffrez d&rsquo;au minimum deux de ces sympt\u00f4mes durant deux semaines ou plus, il est important d&rsquo;en parler \u00e0 un ou une professionnel.<\/strong><\/li><\/ul>\n\n\n\n<p class=\"wp-block-paragraph\"><\/p>\n<\/div><\/div>\n\n\n\n<p class=\"wp-block-paragraph\">Une m\u00e8re en situation de d\u00e9pression est en une femme en souffrance qui risque d&rsquo;int\u00e9grer une image tr\u00e8s n\u00e9gative d&rsquo;elle-m\u00eame et de perdre confiance dans ses capacit\u00e9s maternelles. Il est donc n\u00e9cessaire que la d\u00e9pression soit d\u00e9tect\u00e9e et trait\u00e9e rapidement. Les d\u00e9pressions ne n\u00e9cessitent pas forc\u00e9ment un traitement m\u00e9dicamenteux, mais elles doivent \u00eatre trait\u00e9es par des professionnels sp\u00e9cialis\u00e9s.<\/p>\n\n\n\n<p class=\"wp-block-paragraph\">Il est important de savoir que la d\u00e9pression postnatale touche \u00e9galement les papas. Environ 10% d&rsquo;entre eux souffrent de d\u00e9pression apr\u00e8s la naissance de leur enfant.<\/p>\n\n\n\n<p class=\"wp-block-paragraph\">Si vous avez des questions au sujet de la d\u00e9pression, je vous renseignerai avec plaisir, mais vous pouvez \u00e9galement vous adresser \u00e0 votre sage-femme, votre pu\u00e9ricultrice, votre m\u00e9decin ou encore \u00e0 tout autre professionnel en qui vous avez confiance et qui saura vous orienter vers des personnes \u00e0 m\u00eame de vous soigner.<\/p>\n\n\n\n<p class=\"wp-block-paragraph\">Vous trouverez ci-dessous quelques liens sur le th\u00e8me de la d\u00e9pression p\u00e9rinatale :<\/p>\n\n\n\n<div class=\"wp-block-buttons is-layout-flex wp-block-buttons-is-layout-flex\">\n<div class=\"wp-block-button is-style-outline is-style-outline--1\"><a class=\"wp-block-button__link has-white-color has-text-color has-background\" href=\"https:\/\/www.rts.ch\/info\/sciences-tech\/medecine\/10284097-la-depression-postpartum-des-peres-une-souffrance-meconnue.html\" style=\"background-color:#4c7387\" target=\"_blank\" rel=\"noreferrer noopener\">La d\u00e9pression post-partum des p\u00e8res, une souffrance m\u00e9connue \/ L&rsquo;actu en vid\u00e9o \/  3 min. \/ 13.03.19 \/ RTS<\/a><\/div>\n<\/div>\n<\/div><\/div>\n\n\n\n<div class=\"wp-block-group\"><div class=\"wp-block-group__inner-container is-layout-flow wp-block-group-is-layout-flow\">\n<div class=\"wp-block-buttons is-layout-flex wp-block-buttons-is-layout-flex\">\n<div class=\"wp-block-button is-style-outline is-style-outline--2\"><a class=\"wp-block-button__link has-white-color has-text-color has-background\" href=\"https:\/\/www.rts.ch\/play\/radio\/tribu\/audio\/depression-postnatale?id=8132312\" style=\"background-color:#4c7387\" target=\"_blank\" rel=\"noreferrer noopener\">La d\u00e9pression postnatale \/ 15.11.16 \/ Tribu \/ RTS<\/a><\/div>\n\n\n\n<div class=\"wp-block-button is-style-outline is-style-outline--3\"><a class=\"wp-block-button__link has-white-color has-text-color has-background\" href=\"http:\/\/muriellebressoud.ch\/wp-content\/uploads\/2021\/02\/Synthese-travail-de-memoire-depression-perinatale.pub_-1.pdf\" style=\"border-radius:26px;background-color:#4c7387\" target=\"_blank\" rel=\"noreferrer noopener\">La d\u00e9pression p\u00e9rinatale : \u00e9tat de la question \u00e0 Fribourg et dans le Grand Fribourg Synth\u00e8se de mon travail de m\u00e9moire \/ 24.03.19<\/a><\/div>\n\n\n\n<div class=\"wp-block-button is-style-outline is-style-outline--4\"><a class=\"wp-block-button__link has-white-color has-text-color has-background\" href=\"http:\/\/muriellebressoud.ch\/wp-content\/uploads\/2021\/01\/Article-DPN-MB-NN.pdf\" style=\"border-radius:26px;background-color:#4c7387\" target=\"_blank\" rel=\"noreferrer noopener\">Connaissances et pratiques li\u00e9es \u00e0 la d\u00e9pression p\u00e9rinatale en Suisse romande Murielle Bressoud et Dre Nathalie Nanzer \/ 18.03.20 \/ Revue M\u00e9dicale Suisse<\/a><\/div>\n<\/div>\n\n\n\n<p class=\"wp-block-paragraph\"><\/p>\n<\/div><\/div>\n\n\n\n<p class=\"wp-block-paragraph\"><\/p>\n","protected":false},"excerpt":{"rendered":"<p>Voici quelques informations et r\u00e9f\u00e9rences \u00e0 propos de la d\u00e9pression p\u00e9rinatale. On confond parfois le baby blues et la d\u00e9pression p\u00e9rinatale : Le baby blues (humeur changeante, tristesse, envie de pleurer, grande fatigue, sentiment d&rsquo;\u00eatre incapable) est une phase normale, &hellip; <a href=\"https:\/\/muriellebressoud.ch\/?page_id=772\">Continuer la lecture <span class=\"meta-nav\">&rarr;<\/span><\/a><\/p>\n","protected":false},"author":2,"featured_media":0,"parent":0,"menu_order":0,"comment_status":"closed","ping_status":"closed","template":"","meta":{"footnotes":""},"class_list":["post-772","page","type-page","status-publish","hentry"],"_links":{"self":[{"href":"https:\/\/muriellebressoud.ch\/index.php?rest_route=\/wp\/v2\/pages\/772","targetHints":{"allow":["GET"]}}],"collection":[{"href":"https:\/\/muriellebressoud.ch\/index.php?rest_route=\/wp\/v2\/pages"}],"about":[{"href":"https:\/\/muriellebressoud.ch\/index.php?rest_route=\/wp\/v2\/types\/page"}],"author":[{"embeddable":true,"href":"https:\/\/muriellebressoud.ch\/index.php?rest_route=\/wp\/v2\/users\/2"}],"replies":[{"embeddable":true,"href":"https:\/\/muriellebressoud.ch\/index.php?rest_route=%2Fwp%2Fv2%2Fcomments&post=772"}],"version-history":[{"count":66,"href":"https:\/\/muriellebressoud.ch\/index.php?rest_route=\/wp\/v2\/pages\/772\/revisions"}],"predecessor-version":[{"id":1079,"href":"https:\/\/muriellebressoud.ch\/index.php?rest_route=\/wp\/v2\/pages\/772\/revisions\/1079"}],"wp:attachment":[{"href":"https:\/\/muriellebressoud.ch\/index.php?rest_route=%2Fwp%2Fv2%2Fmedia&parent=772"}],"curies":[{"name":"wp","href":"https:\/\/api.w.org\/{rel}","templated":true}]}}