{"id":63,"date":"2011-06-09T11:50:50","date_gmt":"2011-06-09T09:50:50","guid":{"rendered":"http:\/\/muriellebressoud.ch\/?page_id=63"},"modified":"2021-02-09T11:06:49","modified_gmt":"2021-02-09T09:06:49","slug":"mon-offre","status":"publish","type":"page","link":"https:\/\/muriellebressoud.ch\/?page_id=63","title":{"rendered":"Visites \u00e0 domicile"},"content":{"rendered":"<p>Il n&rsquo;est pas toujours facile de se retrouver \u00e0 la maison avec son b\u00e9b\u00e9. La fatigue, les doutes, les pleurs du b\u00e9b\u00e9, les difficult\u00e9s d&rsquo;allaitement, la gestion des \u00e9ventuels fr\u00e8res et soeurs sont quelques facteurs, parmi d&rsquo;autres, qui rendent la t\u00e2che compliqu\u00e9e.<\/p>\n<p>Il peut \u00eatre b\u00e9n\u00e9fique qu&rsquo;une personne ext\u00e9rieure \u00e0 la famille vienne partager un moment de votre quotidien pour vous \u00e9couter ou vous soutenir. C&rsquo;est pour cette raison que je propose <span style=\"color: #333333;\"><strong>des visites \u00e0 domicile <\/strong>et que j&rsquo;offre, selon vos besoins :<\/span><\/p>\n<ul>\n<li style=\"text-align: justify;\"><span style=\"color: #333333;\"><strong>Ecoute<\/strong>\u00a0<strong>:<\/strong> vous vous sentez peut-\u00eatre isol\u00e9e; vous avez besoin de parler de ce qui s\u2019est pass\u00e9 autour de la naissance de votre enfant, de ce que vous vivez actuellement, ou des soucis qui vous habitent.<\/span><\/li>\n<li style=\"text-align: justify;\"><span style=\"color: #333333;\"><strong>Soutien \u00e9ducatif\u00a0: <\/strong>vous vous posez des questions au sujet de l\u2019\u00e9ducation de\u00a0votre (vos)\u00a0enfant (s).\u00a0<\/span><\/li>\n<li><span style=\"color: #333333;\"><strong>Temps<\/strong>\u00a0<strong>:<\/strong> vous souhaitez vous reposer ou b\u00e9n\u00e9ficier d\u2019un peu de temps libre pour vous promener, pour aller chez le coiffeur&#8230; Je m\u2019occupe alors de votre nouveau-n\u00e9 et de ses \u00e9ventuels fr\u00e8res et s\u0153urs\u00a0 (jeu, bricolage, sortie,\u2026). Je peux \u00e9galement prendre en charge les fr\u00e8res et soeurs pour que vous puissiez vivre un temps privil\u00e9gi\u00e9 avec votre b\u00e9b\u00e9, en toute tranquillit\u00e9.<\/span><\/li>\n<\/ul>\n<p>Ayant une bonne connaissance du r\u00e9seau, je serai \u00e0 m\u00eame de vous recommander d&rsquo;autres professionnels en cas de besoin.<\/p>\n<p style=\"text-align: justify;\"><span style=\"color: #333333;\"><strong>Aspects pratiques :<\/strong><\/span><\/p>\n<div style=\"text-align: justify;\">\n<ul>\n<li><span style=\"color: #333333;\">La visite dure g\u00e9n\u00e9ralement 2 heures et co\u00fbte Fr 80.-.<br \/>Il est possible d&rsquo;obtenir un soutien pour le financement de cette prestation.<\/span><\/li>\n<li><span style=\"color: #333333;\">Renseignements au 076 248 95 62 ou par<\/span><span style=\"color: #333333;\"> message en cliquant sur \u00ab\u00a0<a style=\"color: #333333;\" href=\"http:\/\/muriellebressoud.ch\/?page_id=729\">contact\u00a0\u00bb<\/a>.<\/span><\/li>\n<\/ul>\n<\/div>\n<p style=\"text-align: justify;\">\u00a0<\/p>\n\n\n<p class=\"wp-block-paragraph\"><\/p>\n","protected":false},"excerpt":{"rendered":"<p>Il n&rsquo;est pas toujours facile de se retrouver \u00e0 la maison avec son b\u00e9b\u00e9. La fatigue, les doutes, les pleurs du b\u00e9b\u00e9, les difficult\u00e9s d&rsquo;allaitement, la gestion des \u00e9ventuels fr\u00e8res et soeurs sont quelques facteurs, parmi d&rsquo;autres, qui rendent la &hellip; <a href=\"https:\/\/muriellebressoud.ch\/?page_id=63\">Continuer la lecture <span class=\"meta-nav\">&rarr;<\/span><\/a><\/p>\n","protected":false},"author":2,"featured_media":0,"parent":0,"menu_order":0,"comment_status":"closed","ping_status":"closed","template":"","meta":{"footnotes":""},"class_list":["post-63","page","type-page","status-publish","hentry"],"_links":{"self":[{"href":"https:\/\/muriellebressoud.ch\/index.php?rest_route=\/wp\/v2\/pages\/63","targetHints":{"allow":["GET"]}}],"collection":[{"href":"https:\/\/muriellebressoud.ch\/index.php?rest_route=\/wp\/v2\/pages"}],"about":[{"href":"https:\/\/muriellebressoud.ch\/index.php?rest_route=\/wp\/v2\/types\/page"}],"author":[{"embeddable":true,"href":"https:\/\/muriellebressoud.ch\/index.php?rest_route=\/wp\/v2\/users\/2"}],"replies":[{"embeddable":true,"href":"https:\/\/muriellebressoud.ch\/index.php?rest_route=%2Fwp%2Fv2%2Fcomments&post=63"}],"version-history":[{"count":87,"href":"https:\/\/muriellebressoud.ch\/index.php?rest_route=\/wp\/v2\/pages\/63\/revisions"}],"predecessor-version":[{"id":998,"href":"https:\/\/muriellebressoud.ch\/index.php?rest_route=\/wp\/v2\/pages\/63\/revisions\/998"}],"wp:attachment":[{"href":"https:\/\/muriellebressoud.ch\/index.php?rest_route=%2Fwp%2Fv2%2Fmedia&parent=63"}],"curies":[{"name":"wp","href":"https:\/\/api.w.org\/{rel}","templated":true}]}}