{"id":391,"date":"2014-11-25T10:02:42","date_gmt":"2014-11-25T08:02:42","guid":{"rendered":"http:\/\/muriellebressoud.ch\/?page_id=391"},"modified":"2021-02-27T10:49:19","modified_gmt":"2021-02-27T08:49:19","slug":"atelier-du-mouvement","status":"publish","type":"page","link":"https:\/\/muriellebressoud.ch\/?page_id=391","title":{"rendered":"Echos des parents"},"content":{"rendered":"\n<p class=\"wp-block-paragraph\"><span style=\"color: #333333;\"><strong>A la suite de l&rsquo;\u00e9chelle de Brazelton :<\/strong><\/span><\/p>\n\n\n\n<p class=\"wp-block-paragraph\"><span style=\"color: #333333;\"><em>\u00ab\u00a0Merci pour votre professionnalisme et votre douceur. Votre passage nous a permis de respecter le bien-\u00eatre de notre fils, notamment lors de son sommeil et de prendre conscience de ses nouvelles capacit\u00e9s qui nous permettent de cr\u00e9er un lien encore plus fort aujourd&rsquo;hui.\u00a0\u00bb Mme Lopes<\/em><\/span><\/p>\n\n\n\n<p class=\"wp-block-paragraph\"><span style=\"color: #333333;\"><em>\u00ab\u00a0L&rsquo;\u00e9chelle de Brazelton a \u00e9t\u00e9 tr\u00e8s b\u00e9n\u00e9fique. Nous n&rsquo;attendions rien de particulier de cette s\u00e9ance et au final nous avons re\u00e7u beaucoup. Tous les parents devraient profiter de cette rencontre, surtout pour leur premier enfant.\u00a0\u00bb Mme et M. Aeschliman<\/em><\/span><em>n<\/em><\/p>\n\n\n\n<p class=\"wp-block-paragraph\"><span style=\"color: #333333;\"><em> \u00ab\u00a0Nous avons appris que notre fille est tr\u00e8s sensible et qu&rsquo;elle a beaucoup besoin d&rsquo;\u00eatre rassur\u00e9e et r\u00e9confort\u00e9e.\u00a0\u00bb Mme Fischer et M. Duraty<br><\/em><\/span><br><span style=\"color: #333333;\"><em> \u00ab\u00a0Nous avons pass\u00e9 un excellent moment lors de la pratique de l\u2019\u00e9chelle Brazelton \u00e0 notre domicile. Guid\u00e9s avec bienveillance par Murielle Bressoud, nous avons ensemble pris le temps de mettre des mots et d\u2019approfondir ce que nous avions d\u00e9j\u00e0 observ\u00e9 chez notre fils. Les capacit\u00e9s explicit\u00e9es par Murielle Bressoud nous donnent d\u00e9sormais des cl\u00e9s pour aborder avec confiance la suite de l\u2019aventure avec notre enfant. Un grand merci pour cette exp\u00e9rience tr\u00e8s enrichissante ! \u00a0\u00bb Mme et M. M.<\/em><\/span><\/p>\n\n\n\n<p class=\"wp-block-paragraph\"><span style=\"color: #333333;\"><em> \u00ab\u00a0Gr\u00e2ce \u00e0 l&rsquo;\u00e9chelle de Brazelton, nous avons d\u00e9couvert que mon fils \u00e9tait extr\u00eamement sensible \u00e0 la lumi\u00e8re. Nous avons donc commenc\u00e9 \u00e0 obscurcir la pi\u00e8ce o\u00f9 il se reposait, \u00e0 lui offrir des temps de sieste r\u00e9guliers. Nous avons \u00e9galement commenc\u00e9 \u00e0 l&#8217;emmailloter pour dormir, les tests ayant d\u00e9montr\u00e9 que mon fils avait des r\u00e9flexes extr\u00eamement forts. Et l\u00e0, le miracle a op\u00e9r\u00e9 : mon b\u00e9b\u00e9 qui ne dormait jamais plus de 20 minutes d&rsquo;affil\u00e9e a commenc\u00e9 \u00e0 dormir 40, puis 60, puis 120 min. de suite. Murielle m&rsquo;a \u00e9galement appris une technique d&rsquo;approche \u00ab\u00a0progressive\u00a0\u00bb tr\u00e8s efficace pour apaiser mon fils.\u00a0\u00bb&nbsp;Mme P.<\/em><\/span><\/p>\n\n\n\n<p class=\"wp-block-paragraph\"><span style=\"color: #333333;\"><em> \u00ab\u00a0J&rsquo;ai beaucoup appr\u00e9ci\u00e9 ton exp\u00e9rience et ta douceur. Tr\u00e8s int\u00e9ressant pour moi d&rsquo;avoir une explication sur tous ces tests de r\u00e9flexes faits \u00e0 la maternit\u00e9. Tr\u00e8s int\u00e9ressant aussi nos r\u00e9flexions sur le sommeil et ses phases. Gr\u00e2ce \u00e0 toi, j&rsquo;ai des outils pour observer mon fils et ses progr\u00e8s. J&rsquo;ai notamment pu observer les moments o\u00f9 ses yeux sont ouverts mais qu&rsquo;il n&rsquo;est pas r\u00e9veill\u00e9 pour autant.\u00a0\u00bb Mme C.<\/em><\/span><\/p>\n\n\n\n<p class=\"wp-block-paragraph\"><span style=\"color: #333333;\"><strong>A la suite des cours de massage pour b\u00e9b\u00e9 :<\/strong><\/span><\/p>\n\n\n\n<p class=\"wp-block-paragraph\"><span style=\"color: #333333;\"><em>\u00ab\u00a0Nous avons appr\u00e9ci\u00e9 l&rsquo;ambiance d\u00e9tendue propre \u00e0 un moment de d\u00e9tente partag\u00e9 et appris des gestes utiles au bien-\u00eatre de notre b\u00e9b\u00e9. Merci encore pour les pr\u00e9cieux \u00e9changes et pour nous avoir apport\u00e9 un outil qui nous permet de vivre de beaux moments avec notre b\u00e9b\u00e9, m\u00eame quand il grandira.\u00a0\u00bb<br>Mme Fischer et M. Duraty<br><br>\u00ab\u00a0J&rsquo;ai appr\u00e9ci\u00e9 la gentillesse et la bienveillance de Murielle; les moments de complicit\u00e9 avec mon b\u00e9b\u00e9 et le fait de prendre ce temps pour permettre des moment privil\u00e9gi\u00e9s les deux. J&rsquo;ai appris \u00e0 mieux comprendre mon fils, \u00e0 identifier sa sensibilit\u00e9, \u00e0 utiliser ces observations dans la vie de tous les jours et \u00e0 utiliser les massages pour le rendre plus calme et serein.\u00a0\u00bb<\/em><\/span><br><span style=\"color: #333333;\"><em> Mme Foucault<br><\/em><\/span><\/p>\n\n\n\n<p class=\"wp-block-paragraph\"><span style=\"color: #333333;\"><em><em>\u00ab\u00a0Lors des massages, j&rsquo;<\/em>ai appris \u00e0 mieux \u00ab\u00a0d\u00e9coder\u00a0\u00bb b\u00e9b\u00e9, ses regards, sa fa\u00e7on de bouger et \u00e0 mieux conna\u00eetre son corps. L&rsquo;utilisation de certains massages quand b\u00e9b\u00e9 n&rsquo;est pas bien (coliques ou autres) est \u00e9galement tr\u00e8s int\u00e9ressante et utile. Mme Bressoud est tr\u00e8s douce, patiente et toujours souriante.\u00a0\u00bb Mme H.<br><\/em><\/span><\/p>\n\n\n\n<p class=\"wp-block-paragraph\"><span style=\"color: #333333;\"><em>\u00ab\u00a0Les massages pour b\u00e9b\u00e9, un autre outil qui nous a permis d&rsquo;avancer. C&rsquo;est un magnifique moment de partage avec mon fils qui nous apaise et nous fait beaucoup de bien. Gr\u00e2ce \u00e0 l&rsquo;\u00e9chelle de Brazelton, aux massages et surtout \u00e0 l&rsquo;\u00e9coute bienveillante de Murielle, j&rsquo;ai pu mieux comprendre mon fils et d\u00e9velopper des strat\u00e9gies pour co-construire notre relation dans le respect de ses besoins.\u00a0\u00bb Mme P.<br><br>\u00ab\u00a0J&rsquo;ai beaucoup aim\u00e9 l&rsquo;\u00e9change autour de la situation g\u00e9n\u00e9rale du b\u00e9b\u00e9 et de la famille. J&rsquo;ai aussi appr\u00e9ci\u00e9 le fait de prendre un moment que pour moi et mon b\u00e9b\u00e9 avec quelqu&rsquo;un qui respectait ses besoin. Murielle est tr\u00e8s respectueuse du rythme du b\u00e9b\u00e9. Elle a tr\u00e8s bien expliqu\u00e9 les mouvements et m&rsquo;a rassur\u00e9e si j&rsquo;avais des doutes.\u00a0\u00bb  <\/em><\/span><br><span style=\"color: #333333;\"><em>Mme D.<\/em><\/span><\/p>\n\n\n\n<p class=\"wp-block-paragraph\"><span style=\"color: #4e4865;\">&nbsp;<\/span><\/p>\n","protected":false},"excerpt":{"rendered":"<p>A la suite de l&rsquo;\u00e9chelle de Brazelton : \u00ab\u00a0Merci pour votre professionnalisme et votre douceur. Votre passage nous a permis de respecter le bien-\u00eatre de notre fils, notamment lors de son sommeil et de prendre conscience de ses nouvelles capacit\u00e9s &hellip; <a href=\"https:\/\/muriellebressoud.ch\/?page_id=391\">Continuer la lecture <span class=\"meta-nav\">&rarr;<\/span><\/a><\/p>\n","protected":false},"author":2,"featured_media":0,"parent":0,"menu_order":0,"comment_status":"closed","ping_status":"closed","template":"","meta":{"footnotes":""},"class_list":["post-391","page","type-page","status-publish","hentry"],"_links":{"self":[{"href":"https:\/\/muriellebressoud.ch\/index.php?rest_route=\/wp\/v2\/pages\/391","targetHints":{"allow":["GET"]}}],"collection":[{"href":"https:\/\/muriellebressoud.ch\/index.php?rest_route=\/wp\/v2\/pages"}],"about":[{"href":"https:\/\/muriellebressoud.ch\/index.php?rest_route=\/wp\/v2\/types\/page"}],"author":[{"embeddable":true,"href":"https:\/\/muriellebressoud.ch\/index.php?rest_route=\/wp\/v2\/users\/2"}],"replies":[{"embeddable":true,"href":"https:\/\/muriellebressoud.ch\/index.php?rest_route=%2Fwp%2Fv2%2Fcomments&post=391"}],"version-history":[{"count":67,"href":"https:\/\/muriellebressoud.ch\/index.php?rest_route=\/wp\/v2\/pages\/391\/revisions"}],"predecessor-version":[{"id":1022,"href":"https:\/\/muriellebressoud.ch\/index.php?rest_route=\/wp\/v2\/pages\/391\/revisions\/1022"}],"wp:attachment":[{"href":"https:\/\/muriellebressoud.ch\/index.php?rest_route=%2Fwp%2Fv2%2Fmedia&parent=391"}],"curies":[{"name":"wp","href":"https:\/\/api.w.org\/{rel}","templated":true}]}}